{"id":5658,"date":"2022-03-11T15:42:06","date_gmt":"2022-03-11T15:42:06","guid":{"rendered":"https:\/\/mys-outlet.com\/?post_type=product&#038;p=5658"},"modified":"2023-01-06T04:41:40","modified_gmt":"2023-01-06T04:41:40","slug":"depiladora-oido-nariz-viviatr-2","status":"publish","type":"product","link":"https:\/\/mys-outlet.com\/index.php\/producto\/depiladora-oido-nariz-viviatr-2\/","title":{"rendered":"Depiladora O\u00eddo\/Nariz VIVIATR"},"content":{"rendered":"<p><strong>Depiladora O\u00eddo\/Nariz VIVIATR &#8211; ROJO <\/strong>Re<span lang=\"es\">cortar el pelo de las orejas y la nariz nunca hab\u00eda sido tan f\u00e1cil!<\/span><span lang=\"es\"> Su agarre antideslizante facilita el funcionamiento del dispositivo, lo que le permite recortar vello en un instante y sin dolor, <\/span><span lang=\"es\">Luce pulido en tu pr\u00f3xima entrevista de trabajo y disfruta de tu primera cita con la nueva depiladora de o\u00eddo y nariz, Su mango antideslizante facilita el funcionamiento del dispositivo, mientras que las cuchillas incorporadas recortan eficazmente el cabello fino a su gusto ,<\/span><span lang=\"es\">Con un dise\u00f1o elegante liviano y port\u00e1til, es perfecto para usar en cualquier momento que necesite un ajuste r\u00e1pido.\u00a0<\/span><\/p>\n<p><strong>Compra de manera segura tus PRODUCTOS EN MYS GROUP con garant\u00eda de 1 A\u00f1o, Env\u00edos a toda COLOMBIA.<\/strong><\/p>\n<h2>\u00bfPor qu\u00e9 comprar Depiladora O\u00eddo\/Nariz VIVIATR\u00a0en MYS GROUP?<\/h2>\n<p>Aqu\u00ed en MYS GROUP te garantizamos los mas altos est\u00e1ndares de calidad en la entrega de tu producto, envi\u00f3 seguro para toda Colombia, adem\u00e1s, te garantizamos el perfecto estado de tu Depiladora y con esto 1 A\u00d1O de garant\u00eda por la compra de tu producto.<\/p>\n<h3 class=\"app__header-text\">Especificaciones t\u00e9cnicas<\/h3>\n<ul>\n<li><span lang=\"es\">Su agarre antideslizante facilita el funcionamiento del dispositivo.<\/span><\/li>\n<li><span lang=\"es\">Recortar vello en un instante y sin dolor.<\/span><\/li>\n<li><span lang=\"es\">Su mango antideslizante facilita el funcionamiento del dispositivo.<\/span><\/li>\n<li><span lang=\"es\">Cuchillas incorporadas recortan eficazmente el cabello fino a su gusto.<\/span><\/li>\n<li><span lang=\"es\">Con un dise\u00f1o elegante liviano y port\u00e1til.<\/span><\/li>\n<li><span lang=\"es\">es perfecto para usar en cualquier momento que necesite un ajuste r\u00e1pido.\u00a0<\/span><\/li>\n<\/ul>\n<p><a href=\"https:\/\/mysgroupcol.com\/\">MYS GROUP<\/a> trae para usted y su familia los mejores productos en distintas categor\u00edas. Por esto compre seguro con nosotros, adem\u00e1s hacemos env\u00edos a toda Colombia, cuenta con Garant\u00eda de hasta 1 a\u00f1o en varias marcas.<\/p>\n<h3>Consigue este y m\u00e1s productos de calidad con nosotros somos Importadores Directos, garantizamos el mejor precio.<\/h3>\n<p>&nbsp;<\/p>\n<ul>\n<li style=\"list-style-type: none;\">\n<ul>\n<li>Vis\u00edtanos ahora en nuestros Instagram &#8211;&gt; <a href=\"https:\/\/www.instagram.com\/mysgroupcol\/\">www.instagram.com\/mysgroupcol\/<\/a><\/li>\n<\/ul>\n<\/li>\n<\/ul>\n<ul>\n<li style=\"list-style-type: none;\">\n<ul>\n<li>Vis\u00edtanos ahora en nuestro Facebook &#8211;&gt; <a href=\"https:\/\/www.facebook.com\/mysgroupcol\">www.facebook.com\/mysgroupcol<\/a><\/li>\n<\/ul>\n<\/li>\n<\/ul>\n<ul>\n<li style=\"list-style-type: none;\">\n<ul>\n<li>Necesitas asesor\u00eda directa, escr\u00edbenos a nuestro WhatsApp &#8211;&gt; <a href=\"https:\/\/api.whatsapp.com\/send?phone=573173644411&amp;text=\">Whatsapp MYS GROUP <\/a><\/li>\n<\/ul>\n<\/li>\n<\/ul>\n<p><strong>Varios m\u00e9todos de pago disponibles \u2013 Producto Nuevo \u2013 Adem\u00e1s Env\u00edos y Pagos Seguros.<\/strong><\/p>\n","protected":false},"excerpt":{"rendered":"<p>\u2b50\ufe0fAdquiere tu producto <strong>Depiladora Oido\/Nariz rojo<\/strong> de manera segura por nuestra p\u00e1gina WEB, este producto cuenta con <strong>1 A\u00d1O DE GARANT\u00cdA y ENVI\u00d3 A TODA COLOMBIA.<\/strong><\/p>\n<p>&nbsp;<\/p>\n<p><strong>Compra ahora tu<\/strong> <strong>Depiladora Oido\/Nariz rojo<\/strong>\u00a0y rec\u00edbelo en la puerta de tu casa con tiempo de entrega:<\/p>\n<p>&nbsp;<\/p>\n<ul>\n<li>1 a 2 d\u00edas para Bogot\u00e1 o Ciudades cercanas.<\/li>\n<li>2 a 3 d\u00edas para ciudades principales.<\/li>\n<li>3 a 5 d\u00edas para ciudades y pueblos lejanos.<\/li>\n<\/ul>\n<p><strong><span role=\"image\" aria-label=\"\u2705\">\u2705<\/span>VARIOS M\u00c9TODOS DE PAGO EN EFECTIVO O CON TARJETA DEBIDO\/CR\u00c9DITO.<\/strong><\/p>\n","protected":false},"featured_media":5247,"comment_status":"open","ping_status":"closed","template":"","meta":[],"product_cat":[188,187,189,208],"product_tag":[237],"class_list":{"0":"post-5658","1":"product","2":"type-product","3":"status-publish","4":"has-post-thumbnail","6":"product_cat-cuidado-facial","7":"product_cat-cuidado-personal","8":"product_cat-hombre","9":"product_cat-vivitar-marcas","10":"product_tag-depiladora-oido-nariz-viviatr","11":"product_shipping_class-producto-pequeno","13":"first","14":"instock","15":"featured","16":"shipping-taxable","17":"purchasable","18":"product-type-simple"},"_links":{"self":[{"href":"https:\/\/mys-outlet.com\/index.php\/wp-json\/wp\/v2\/product\/5658","targetHints":{"allow":["GET"]}}],"collection":[{"href":"https:\/\/mys-outlet.com\/index.php\/wp-json\/wp\/v2\/product"}],"about":[{"href":"https:\/\/mys-outlet.com\/index.php\/wp-json\/wp\/v2\/types\/product"}],"replies":[{"embeddable":true,"href":"https:\/\/mys-outlet.com\/index.php\/wp-json\/wp\/v2\/comments?post=5658"}],"version-history":[{"count":0,"href":"https:\/\/mys-outlet.com\/index.php\/wp-json\/wp\/v2\/product\/5658\/revisions"}],"wp:featuredmedia":[{"embeddable":true,"href":"https:\/\/mys-outlet.com\/index.php\/wp-json\/wp\/v2\/media\/5247"}],"wp:attachment":[{"href":"https:\/\/mys-outlet.com\/index.php\/wp-json\/wp\/v2\/media?parent=5658"}],"wp:term":[{"taxonomy":"product_cat","embeddable":true,"href":"https:\/\/mys-outlet.com\/index.php\/wp-json\/wp\/v2\/product_cat?post=5658"},{"taxonomy":"product_tag","embeddable":true,"href":"https:\/\/mys-outlet.com\/index.php\/wp-json\/wp\/v2\/product_tag?post=5658"}],"curies":[{"name":"wp","href":"https:\/\/api.w.org\/{rel}","templated":true}]}}