{"id":5871,"date":"2022-07-07T17:43:20","date_gmt":"2022-07-07T17:43:20","guid":{"rendered":"https:\/\/mys-outlet.com\/?post_type=product&#038;p=5871"},"modified":"2023-01-06T04:41:49","modified_gmt":"2023-01-06T04:41:49","slug":"cordon-elastico-cuerpo-vivitar-2","status":"publish","type":"product","link":"https:\/\/mys-outlet.com\/index.php\/producto\/cordon-elastico-cuerpo-vivitar-2\/","title":{"rendered":"Cord\u00f3n El\u00e1stico Cuerpo VIVITAR"},"content":{"rendered":"<p><strong>Cord\u00f3n El\u00e1stico Cuerpo VIVITAR<\/strong><\/p>\n<p>CORDON ELASTICO PARTE SUPERIOR DEL CUERPO PNK, Color Rosado, Peso 2 KLS, Dimensiones 16.26 x 12.95 x 4.83 cm; 136.08 g<br \/>\nAyuda a construir y tonificar los m\u00fasculos aislando de manera m\u00e1s efectiva, los mangos de espuma acolchados ofrecen un agarre c\u00f3modo<br \/>\nCompacto, ligero y port\u00e1til.<\/p>\n<p><strong>Compra de manera segura tus PRODUCTOS EN MYS GROUP con garant\u00eda de 1 Mes, Env\u00edos a toda COLOMBIA.<\/strong><\/p>\n<p>&nbsp;<\/p>\n<h2><strong>\u00bfPor qu\u00e9 comprar Cord\u00f3n El\u00e1stico Cuerpo VIVITARMYS GROUP?<\/strong><\/h2>\n<p>Siente el ardor con el cord\u00f3n de fitness para la parte superior del cuerpo Vivi Life. Esta pr\u00e1ctica herramienta de entrenamiento proporciona una herramienta eficaz y vers\u00e1til que le ayuda a realizar un entrenamiento r\u00e1pido, en cualquier momento que lo desee. Su dise\u00f1o peque\u00f1o y compacto lo convierte en una excelente opci\u00f3n para llevar y tambi\u00e9n asegura que se almacene bien. El cord\u00f3n el\u00e1stico fortalece y tonifica los m\u00fasculos al aislar eficazmente a su grupo objetivo. El dise\u00f1o del mango de espuma acolchado ofrece un agarre c\u00f3modo, mientras que su dise\u00f1o de material sin l\u00e1tex proporciona a las personas al\u00e9rgicas una alternativa segura al equipo de entrenamiento tradicional que incluye l\u00e1tex.<\/p>\n<p>&nbsp;<\/p>\n<h3 class=\"app__header-text\">Especificaciones t\u00e9cnicas<\/h3>\n<ul>\n<li>Su dise\u00f1o peque\u00f1o y compacto lo convierte en una excelente opci\u00f3n para llevar y tambi\u00e9n asegura que se almacene bien.<\/li>\n<li>El cord\u00f3n el\u00e1stico azul de Vivitar fortalece y tonifica los m\u00fasculos al aislar eficazmente a su grupo objetivo<\/li>\n<li>Ayuda a construir y tonificar los m\u00fasculos aisl\u00e1ndolos de manera m\u00e1s efectiva.<\/li>\n<li>Los mangos de espuma acolchados ofrecen un agarre c\u00f3modo Compacto, ligero y port\u00e1til.<\/li>\n<li>Se puede usar en casa o en el gimnasio .<\/li>\n<\/ul>\n<p>&nbsp;<\/p>\n<p><a href=\"https:\/\/mysgroupcol.com\/\">MYS GROUP<\/a> trae para usted y su familia los mejores productos en distintas categor\u00edas. Por esto compre seguro con nosotros, adem\u00e1s hacemos env\u00edos a toda Colombia, cuenta con Garant\u00eda de hasta 1 a\u00f1o en varias marcas.<\/p>\n<h3>Consigue este y m\u00e1s productos de calidad con nosotros somos Importadores Directos, garantizamos el mejor precio.<\/h3>\n<p>&nbsp;<\/p>\n<ul>\n<li style=\"list-style-type: none;\">\n<ul>\n<li>Vis\u00edtanos ahora en nuestros Instagram &#8211;&gt; <a href=\"https:\/\/www.instagram.com\/mysgroupcol\/\">www.instagram.com\/mysgroupcol\/<\/a><\/li>\n<\/ul>\n<\/li>\n<\/ul>\n<ul>\n<li style=\"list-style-type: none;\">\n<ul>\n<li>Vis\u00edtanos ahora en nuestro Facebook &#8211;&gt; <a href=\"https:\/\/www.facebook.com\/mysgroupcol\">www.facebook.com\/mysgroupcol<\/a><\/li>\n<\/ul>\n<\/li>\n<\/ul>\n<ul>\n<li style=\"list-style-type: none;\">\n<ul>\n<li>Necesitas asesor\u00eda directa, escr\u00edbenos a nuestro WhatsApp &#8211;&gt; <a href=\"https:\/\/api.whatsapp.com\/send?phone=573173644411&amp;text=\">Whatsapp MYS GROUP <\/a><\/li>\n<\/ul>\n<\/li>\n<\/ul>\n<p><strong>Varios m\u00e9todos de pago disponibles \u2013 Producto Nuevo \u2013 Adem\u00e1s Env\u00edos y Pagos Seguros.<\/strong><\/p>\n","protected":false},"excerpt":{"rendered":"<p>\u2b50\ufe0fAdquiere tu producto <strong>Cord\u00f3n El\u00e1stico parte superior del Cuerpo-PNK<\/strong> de manera segura por nuestra p\u00e1gina WEB, este producto cuenta con <strong>1 A\u00d1O DE GARANT\u00cdA y ENVI\u00d3 A TODA COLOMBIA.<\/strong><\/p>\n<p>&nbsp;<\/p>\n<p><strong>Compra ahora tu<\/strong> <strong>Cord\u00f3n El\u00e1stico parte superior del Cuerpo-PNK<\/strong>\u00a0y rec\u00edbelo en la puerta de tu casa con tiempo de entrega:<\/p>\n<p>&nbsp;<\/p>\n<ul>\n<li>1 a 2 d\u00edas para Bogot\u00e1 o Ciudades cercanas.<\/li>\n<li>2 a 3 d\u00edas para ciudades principales.<\/li>\n<li>3 a 5 d\u00edas para ciudades y pueblos lejanos.<\/li>\n<\/ul>\n<p><strong><span role=\"image\" aria-label=\"\u2705\">\u2705<\/span>VARIOS M\u00c9TODOS DE PAGO EN EFECTIVO O CON TARJETA DEBIDO\/CR\u00c9DITO.<\/strong><\/p>\n","protected":false},"featured_media":5409,"comment_status":"open","ping_status":"closed","template":"","meta":[],"product_cat":[187,197,200,208],"product_tag":[],"class_list":{"0":"post-5871","1":"product","2":"type-product","3":"status-publish","4":"has-post-thumbnail","6":"product_cat-cuidado-personal","7":"product_cat-deportes","8":"product_cat-deportes-2","9":"product_cat-vivitar-marcas","11":"first","12":"instock","13":"shipping-taxable","14":"purchasable","15":"product-type-simple"},"_links":{"self":[{"href":"https:\/\/mys-outlet.com\/index.php\/wp-json\/wp\/v2\/product\/5871","targetHints":{"allow":["GET"]}}],"collection":[{"href":"https:\/\/mys-outlet.com\/index.php\/wp-json\/wp\/v2\/product"}],"about":[{"href":"https:\/\/mys-outlet.com\/index.php\/wp-json\/wp\/v2\/types\/product"}],"replies":[{"embeddable":true,"href":"https:\/\/mys-outlet.com\/index.php\/wp-json\/wp\/v2\/comments?post=5871"}],"version-history":[{"count":0,"href":"https:\/\/mys-outlet.com\/index.php\/wp-json\/wp\/v2\/product\/5871\/revisions"}],"wp:featuredmedia":[{"embeddable":true,"href":"https:\/\/mys-outlet.com\/index.php\/wp-json\/wp\/v2\/media\/5409"}],"wp:attachment":[{"href":"https:\/\/mys-outlet.com\/index.php\/wp-json\/wp\/v2\/media?parent=5871"}],"wp:term":[{"taxonomy":"product_cat","embeddable":true,"href":"https:\/\/mys-outlet.com\/index.php\/wp-json\/wp\/v2\/product_cat?post=5871"},{"taxonomy":"product_tag","embeddable":true,"href":"https:\/\/mys-outlet.com\/index.php\/wp-json\/wp\/v2\/product_tag?post=5871"}],"curies":[{"name":"wp","href":"https:\/\/api.w.org\/{rel}","templated":true}]}}